{"id":1520,"date":"2022-03-21T06:09:31","date_gmt":"2022-03-21T06:09:31","guid":{"rendered":"https:\/\/elearning.learningcircleproject.eu\/in-service-training\/"},"modified":"2023-06-26T12:51:26","modified_gmt":"2023-06-26T12:51:26","slug":"in-service-training","status":"publish","type":"page","link":"https:\/\/elearning.learningcircleproject.eu\/pt-pt\/in-service-training\/","title":{"rendered":"Forma\u00e7\u00e3o em servi\u00e7o"},"content":{"rendered":"<div>\n<p>O programa est\u00e1 dividido em duas sec\u00e7\u00f5es: PARTE A: Compreender o esp\u00edrito empresarial e a economia circular e PARTE B: Desenvolver as compet\u00eancias pedag\u00f3gicas dos profissionais de EFP. Ambas as sec\u00e7\u00f5es est\u00e3o divididas em conte\u00fados presenciais com uma s\u00e9rie de planos de aula com slides em Powerpoint, folhetos e actividades, bem como em aprendizagem aut\u00f3noma para uma aprendizagem aut\u00f3noma melhorada sobre os mesmos t\u00f3picos.<\/p>\n<\/div>\n<div>\n<h3>PARTE A<\/h3>\n<div>\n<p>Desenvolver o esp\u00edrito empresarial<\/p>\n<\/div>\n<p><a href=\"\/pt-pt\/part-a\/\"><\/a><\/p>\n<\/div>\n<div>\n<h3>PARTE B<\/h3>\n<div>\n<p>Compreender a economia circular<\/p>\n<\/div>\n<p><a href=\"\/pt-pt\/part-b\/\"><\/a><\/p>\n<\/div>\n<p><!--more--><br \/>\n<!-- {\"type\":\"layout\",\"children\":[{\"type\":\"section\",\"props\":{\"style\":\"default\",\"width\":\"default\",\"vertical_align\":\"middle\",\"title_position\":\"top-left\",\"title_rotation\":\"left\",\"title_breakpoint\":\"xl\",\"image_position\":\"center-center\",\"height\":\"expand\"},\"children\":[{\"type\":\"row\",\"children\":[{\"type\":\"column\",\"props\":{\"position_sticky_breakpoint\":\"m\",\"image_position\":\"center-center\",\"media_overlay_gradient\":\"\"},\"children\":[{\"type\":\"headline\",\"props\":{\"title_element\":\"h1\",\"title_style\":\"h1\",\"text_align\":\"left\"},\"name\":\"headline-pages\",\"source\":{\"query\":{\"name\":\"pages.singlePage\"},\"props\":{\"content\":{\"filters\":{\"search\":\"\"},\"name\":\"title\"}}}}]}]},{\"type\":\"row\",\"children\":[{\"type\":\"column\",\"props\":{\"position_sticky_breakpoint\":\"m\",\"image_position\":\"center-center\",\"media_overlay_gradient\":\"\"},\"children\":[{\"type\":\"text\",\"props\":{\"margin\":\"default\",\"column_breakpoint\":\"m\",\"content\":\"\n\n<p>O programa est\\u00e1 dividido em duas sec\\u00e7\\u00f5es: PARTE A: Compreender o esp\\u00edrito empresarial e a economia circular e PARTE B: Desenvolver as compet\\u00eancias pedag\\u00f3gicas dos profissionais de EFP. Ambas as sec\\u00e7\\u00f5es est\\u00e3o divididas em conte\\u00fados presenciais com uma s\\u00e9rie de planos de aula com slides em Powerpoint, folhetos e actividades, bem como em aprendizagem aut\\u00f3noma para uma aprendizagem aut\\u00f3noma melhorada sobre os mesmos t\\u00f3picos.<\\\/p>\"}}]}]},{\"type\":\"row\",\"props\":{\"layout\":\"1-2,1-2\"},\"children\":[{\"type\":\"column\",\"props\":{\"position_sticky_breakpoint\":\"m\",\"image_position\":\"center-center\",\"media_overlay_gradient\":\"\",\"width_medium\":\"1-2\"},\"children\":[{\"type\":\"panel\",\"props\":{\"link_text\":\"\",\"title_hover_style\":\"reset\",\"title_element\":\"h3\",\"title_align\":\"top\",\"title_grid_width\":\"1-2\",\"title_grid_breakpoint\":\"m\",\"meta_style\":\"text-meta\",\"meta_align\":\"below-title\",\"meta_element\":\"div\",\"content_column_breakpoint\":\"m\",\"icon_width\":80,\"image_align\":\"top\",\"image_grid_width\":\"1-2\",\"image_grid_breakpoint\":\"m\",\"image_svg_color\":\"emphasis\",\"link_style\":\"default\",\"margin\":\"default\",\"title\":\"PARTE A\",\"link\":\"pt-pt\\\/part-a\\\/\",\"panel_style\":\"card-default\",\"panel_link\":true,\"panel_padding\":\"default\",\"text_align\":\"center\",\"title_style\":\"h3\",\"meta\":\"\",\"content\":\"\n\n<p>Desenvolver o esp\\u00edrito empresarial<\\\/p>\",\"content_margin\":\"small\",\"css\":\".el-content{\\n\\tcolor: #195562;\\n}\"}}]},{\"type\":\"column\",\"props\":{\"position_sticky_breakpoint\":\"m\",\"image_position\":\"center-center\",\"media_overlay_gradient\":\"\",\"width_medium\":\"1-2\"},\"children\":[{\"type\":\"panel\",\"props\":{\"link_text\":\"\",\"title_hover_style\":\"reset\",\"title_element\":\"h3\",\"title_align\":\"top\",\"title_grid_width\":\"1-2\",\"title_grid_breakpoint\":\"m\",\"meta_style\":\"text-meta\",\"meta_align\":\"below-title\",\"meta_element\":\"div\",\"content_column_breakpoint\":\"m\",\"icon_width\":80,\"image_align\":\"top\",\"image_grid_width\":\"1-2\",\"image_grid_breakpoint\":\"m\",\"image_svg_color\":\"emphasis\",\"link_style\":\"default\",\"margin\":\"default\",\"title\":\"PARTE B\",\"link\":\"pt-pt\\\/part-b\\\/\",\"panel_style\":\"card-default\",\"panel_link\":true,\"panel_padding\":\"default\",\"text_align\":\"center\",\"title_style\":\"h3\",\"css\":\".el-content{\\n\\tcolor: #195562;\\n}\",\"content\":\"\n\n<p>Compreender a economia circular<\\\/p>\",\"content_margin\":\"small\"}}]}]}]}],\"version\":\"3.0.9\"} --><\/p>\n","protected":false},"excerpt":{"rendered":"<p>O programa est\u00e1 dividido em duas sec\u00e7\u00f5es: PARTE A: Compreender o esp\u00edrito empresarial e a economia circular e PARTE B: Desenvolver as compet\u00eancias pedag\u00f3gicas dos..<\/p>\n","protected":false},"author":1,"featured_media":0,"parent":0,"menu_order":0,"comment_status":"closed","ping_status":"closed","template":"","meta":{"_acf_changed":false,"inline_featured_image":false,"footnotes":""},"class_list":["post-1520","page","type-page","status-publish","hentry"],"acf":[],"_links":{"self":[{"href":"https:\/\/elearning.learningcircleproject.eu\/pt-pt\/wp-json\/wp\/v2\/pages\/1520","targetHints":{"allow":["GET"]}}],"collection":[{"href":"https:\/\/elearning.learningcircleproject.eu\/pt-pt\/wp-json\/wp\/v2\/pages"}],"about":[{"href":"https:\/\/elearning.learningcircleproject.eu\/pt-pt\/wp-json\/wp\/v2\/types\/page"}],"author":[{"embeddable":true,"href":"https:\/\/elearning.learningcircleproject.eu\/pt-pt\/wp-json\/wp\/v2\/users\/1"}],"replies":[{"embeddable":true,"href":"https:\/\/elearning.learningcircleproject.eu\/pt-pt\/wp-json\/wp\/v2\/comments?post=1520"}],"version-history":[{"count":7,"href":"https:\/\/elearning.learningcircleproject.eu\/pt-pt\/wp-json\/wp\/v2\/pages\/1520\/revisions"}],"predecessor-version":[{"id":4186,"href":"https:\/\/elearning.learningcircleproject.eu\/pt-pt\/wp-json\/wp\/v2\/pages\/1520\/revisions\/4186"}],"wp:attachment":[{"href":"https:\/\/elearning.learningcircleproject.eu\/pt-pt\/wp-json\/wp\/v2\/media?parent=1520"}],"curies":[{"name":"wp","href":"https:\/\/api.w.org\/{rel}","templated":true}]}}